{"id":1077,"date":"2008-01-21T15:26:20","date_gmt":"2008-01-21T13:26:20","guid":{"rendered":"http:\/\/www.albinz.de\/blog\/?page_id=1077"},"modified":"2015-04-15T09:44:30","modified_gmt":"2015-04-15T09:44:30","slug":"about-willi","status":"publish","type":"page","link":"https:\/\/willizblog.de\/?page_id=1077","title":{"rendered":"ABOUT Willi"},"content":{"rendered":"<p>Inzwischen zu einem Anfangsechziger gereift, bin ich mit meiner Familie seit M\u00e4rz 2000 im Internet vertreten. Dieses Blog<sup>*<\/sup> f\u00fchre ich seit Februar 2005. Geboren wurde ich in Berlin, kam \u00fcber Pforzheim mit vier Jahren nach Bremen. Dort lebte ich dann knapp 25 Jahre. Weitere gut 12 Jahre lebte ich in Hamburg, davon die meiste Zeit mit meiner Frau. Meine beiden S\u00f6hne sind in Hamburg geboren. Seit 1995 wohne ich in einem kleineren Ort in der L\u00fcneburger Heide.<\/p>\n<p>Beruflich habe ich mit Informationstechnik zu tun, bin im Wesentlichen Datenbankadministrator und (noch) bei einer karitativen Organisation angestellt. Ich interessiere mich haupts\u00e4chlich f\u00fcr Literatur und Musik. Im Bereich der digitalen Technik besch\u00e4ftige ich mich privat mit Videobearbeitung.<\/p>\n<p><iframe loading=\"lazy\" width=\"560\" height=\"315\" src=\"https:\/\/www.youtube.com\/embed\/XIsM9a77K1Q?rel=0\" frameborder=\"0\" allowfullscreen><\/iframe><br \/>\nAbout Willi &#8230; mehr als 80 h\u00fcbsche Bildchen von Willi (2015 &#8211; jetzt auch in HD)<\/p>\n<p>Dieses Blog dient mir u.a. dazu, mich mit anderen Menschen, die gleiche oder \u00e4hnliche Interessen haben wie ich, auszutauschen. In diesem Blog m\u00f6chte ich aber auch alle wichtigen Stationen meines bisherigen Lebens dokumentieren, soweit dies f\u00fcr andere von Interesse sein k\u00f6nnte. Au\u00dferdem komme ich nicht umhin, mich zu aktuellen Ereignissen zu \u00e4u\u00dfern.<\/p>\n<p>Ich habe mir vorgenommen (\u00e4hnlich einem Pfadfinder nach dem Motto: \u201eJeden Tag eine gute Tat!\u201c), m\u00f6glichst t\u00e4glich einen Beitrag zu ver\u00f6ffentlichen. Ich sehe darin gewisserma\u00dfen Finger\u00fcbungen, die den Geist frisch erhalten sollen. Damit der K\u00f6rper nicht g\u00e4nzlich leidet, betreibe ich Sport \u201ain Ma\u00dfen\u2019, z.B. jogge ich ganz gern (Joggen &#038; Bloggen).<\/p>\n<p>Und sonst? Ich bin Rechtsh\u00e4nder (aber nicht rechts), Brillen- und Barttr\u00e4ger, reichlich grauhaarig, einen Meter und 82 gro\u00df, einige Kilo sicherlich zu schwer, Biertrinker (trinke aber auch schon mal einen guten trockenen Roten \u2013 alles nicht im \u00dcberfluss) und Teetrinker (trinke evtl. auch schon mal Kaffee, dann aber in komprimierter Form als Espresso), immer noch Raucher (Selbstdreher), Jeans- und Hemdentr\u00e4ger, unfanatischer Werderfan, der ein Faible f\u00fcr abgedrehte Menschen hat (und die, so scheint es, f\u00fcr mich), der au\u00dferdem L\u00e4nder wie Schottland und Island liebt (und deren Menschen) und Inseln und W\u00fcsten und  &#8230; und &#8230; und &#8230;<\/p>\n<p>Da das keine Kontaktanzeige werden soll, muss das gen\u00fcgen. Soviel zu mir!<\/p>\n<p><font color=\"#FFFFFF\">x<br \/>\nx<br \/>\nx<\/font><\/p>\n<p><sup>*<\/sup> <a href=\"https:\/\/de.wikipedia.org\/wiki\/Blog\" target=\"_blank\">Blog<\/a> (von Weblog bzw. Weblogbook) ist eine Art Internettagebuch in Form eines Logbuchs, wobei die aktuellsten Eintr\u00e4ge immer am Anfang stehen. Die einzelnen Beitr\u00e4ge werden in der Regel nach Rubriken (Kategorien) thematisch gegliedert. Technisch gesehen werden die Beitr\u00e4ge in einer Datenbank gespeichert und von dort \u00fcber in <a href=\"https:\/\/de.wikipedia.org\/wiki\/Php\" target=\"_blank\">PHP<\/a> (eine auf dem Webserver interpretierte Skriptsprache) geschriebene Webseiten aufgerufen.<\/p>\n","protected":false},"excerpt":{"rendered":"<p>Inzwischen zu einem Anfangsechziger gereift, bin ich mit meiner Familie seit M\u00e4rz 2000 im Internet vertreten. Dieses Blog* f\u00fchre ich seit Februar 2005. Geboren wurde ich in Berlin, kam \u00fcber Pforzheim mit vier Jahren nach Bremen. Dort lebte ich dann knapp 25 Jahre. Weitere gut 12 Jahre lebte ich in Hamburg, davon die meiste Zeit &hellip; <a href=\"https:\/\/willizblog.de\/?page_id=1077\" class=\"more-link\"><span class=\"screen-reader-text\">ABOUT Willi<\/span> weiterlesen <span class=\"meta-nav\">&rarr;<\/span><\/a><\/p>\n","protected":false},"author":1,"featured_media":0,"parent":0,"menu_order":0,"comment_status":"open","ping_status":"closed","template":"","meta":[],"_links":{"self":[{"href":"https:\/\/willizblog.de\/index.php?rest_route=\/wp\/v2\/pages\/1077"}],"collection":[{"href":"https:\/\/willizblog.de\/index.php?rest_route=\/wp\/v2\/pages"}],"about":[{"href":"https:\/\/willizblog.de\/index.php?rest_route=\/wp\/v2\/types\/page"}],"author":[{"embeddable":true,"href":"https:\/\/willizblog.de\/index.php?rest_route=\/wp\/v2\/users\/1"}],"replies":[{"embeddable":true,"href":"https:\/\/willizblog.de\/index.php?rest_route=%2Fwp%2Fv2%2Fcomments&post=1077"}],"version-history":[{"count":0,"href":"https:\/\/willizblog.de\/index.php?rest_route=\/wp\/v2\/pages\/1077\/revisions"}],"wp:attachment":[{"href":"https:\/\/willizblog.de\/index.php?rest_route=%2Fwp%2Fv2%2Fmedia&parent=1077"}],"curies":[{"name":"wp","href":"https:\/\/api.w.org\/{rel}","templated":true}]}}